{"id":975,"date":"2014-08-14T09:56:13","date_gmt":"2014-08-14T09:56:13","guid":{"rendered":"http:\/\/legendywarszawskie.pl\/?page_id=975"},"modified":"2015-02-21T14:13:37","modified_gmt":"2015-02-21T14:13:37","slug":"o-wawrze","status":"publish","type":"page","link":"http:\/\/legendywarszawskie.pl\/?page_id=975","title":{"rendered":"Rozdzia\u0142 o&#8230; Wawrze"},"content":{"rendered":"<p><strong>Rozdzia\u0142 trzynasty (fragmenty)<\/strong><\/p>\n<p><strong>Wawer, czyli&#8230; W szponach \u017c\u0105dz wszelakich<\/strong><\/p>\n<p><a href=\"http:\/\/legendywarszawskie.pl\/wp-content\/uploads\/2014\/07\/DSC_6051.jpg\"><img loading=\"lazy\" decoding=\"async\" class=\"alignleft wp-image-310 size-medium\" src=\"http:\/\/legendywarszawskie.pl\/wp-content\/uploads\/2014\/07\/DSC_6051-300x200.jpg\" alt=\"DSC_6051\" width=\"300\" height=\"200\" srcset=\"http:\/\/legendywarszawskie.pl\/wp-content\/uploads\/2014\/07\/DSC_6051-300x200.jpg 300w, http:\/\/legendywarszawskie.pl\/wp-content\/uploads\/2014\/07\/DSC_6051-1024x685.jpg 1024w, http:\/\/legendywarszawskie.pl\/wp-content\/uploads\/2014\/07\/DSC_6051-800x535.jpg 800w\" sizes=\"auto, (max-width: 300px) 100vw, 300px\" \/><\/a><\/p>\n<p>(&#8230;) \u2013 Panowie my\u015bl\u0105, \u017ce odpu\u015bci\u0142? \u2013 spyta\u0142a i chyba pierwszy raz si\u0119 za\u015bmia\u0142a. \u2013 Ale\u017c sk\u0105d! Twierdzi\u0142, \u017ce to nie tylko kwestia \u015brodk\u00f3w, kt\u00f3rymi zosta\u0142 pobudzony. Podobno ca\u0142\u0105 noc ze \u015bcian s\u0105czy\u0142y si\u0119 do niego spro\u015bno\u015bci.<br \/>\n\u2013 S\u0105czy\u0142y si\u0119 spro\u015bno\u015bci? \u2013 powt\u00f3rzyli\u015bmy i po raz kolejny spojrzeli\u015bmy na siebie, bo nic z tego nie rozumieli\u015bmy. \u2013 Jak to s\u0105czy\u0142y si\u0119?<br \/>\n\u2013 Nie wiemy, co ksi\u0105dz mia\u0142 na my\u015bli, ale powiedzia\u0142, \u017ce nigdy nie by\u0142 tak daleko od Boga, jak tu, w naszym zaje\u017adzie. Tu \u015bciany kusi\u0142y do grzechu.<br \/>\nOczywi\u015bcie postanowili\u015bmy to wszystko sprawdzi\u0107. Pozostawa\u0142a jedna kwestia. Kiedy?<br \/>\n\u2013 B\u0142agam, jak najszybciej! \u2013 powiedzia\u0142a Skromnisia i wyja\u015bni\u0142a, \u017ce w przysz\u0142ym tygodniu wracaj\u0105 z zagranicznych woja\u017cy w\u0142a\u015bciciele, a oni nie chc\u0105, by sprawa si\u0119 wyda\u0142a. \u2013 Damy panom ten apartament za darmo do waszych bada\u0144. Dzi\u015b jest niedziela. Jutro b\u0119dzie on do pan\u00f3w dyspozycji, bo rano wyje\u017cd\u017ca z niego para nowo\u017ce\u0144c\u00f3w.<br \/>\nPoniewa\u017c Skromnisia w imieniu nieobecnych w\u0142a\u015bcicieli zaoferowa\u0142a nam tak\u017ce posi\u0142ki na koszt firmy oraz wynagrodzenie, wi\u0119c zdecydowali\u015bmy si\u0119 przyj\u0105\u0107 jej ofert\u0119. Nast\u0119pnego dnia ko\u0142o jedenastej zjawili\u015bmy si\u0119 przy ulicy P\u0142owieckiej, taszcz\u0105c ze sob\u0105 kilka ksi\u0105\u017cek opisuj\u0105cych histori\u0119 okolicy i kserokopie ze dwudziestu artyku\u0142\u00f3w. Po prostu raniutko pobiegli\u015bmy do biblioteki. Z par\u0105 nowo\u017ce\u0144c\u00f3w min\u0119li\u015bmy si\u0119 w drzwiach zajazdu. Rozszczebiotani, zakochani i wyra\u017anie szcz\u0119\u015bliwi. On wpisa\u0142 si\u0119 do ksi\u0119gi go\u015bci. Gdy odk\u0142ada\u0142 d\u0142ugopis, mia\u0142 tak szelmowski u\u015bmieszek na twarzy, \u017ce postanowili\u015bmy przeczyta\u0107, co tam wysmarowa\u0142. Wpis brzmia\u0142 tak: \u201e\u00ab\u015ani\u0142 Jasio, \u017ce jad\u0105c wozem z Kasi\u0105 sobie broi\u0142, zbudzi\u0142 si\u0119, wozu nie ma, tylko dyszel stoi.\u00bb Z podzi\u0119kowaniem za niezapomniane wra\u017cenia, zw\u0142aszcza nocne\u2026\u201d.To dawa\u0142o do my\u015blenia. (&#8230;)<\/p>\n<div id=\"attachment_1106\" style=\"width: 260px\" class=\"wp-caption aligncenter\"><a href=\"http:\/\/legendywarszawskie.pl\/wp-content\/uploads\/2014\/08\/741px-POL_Wawer_COA.svg_.png\"><img loading=\"lazy\" decoding=\"async\" aria-describedby=\"caption-attachment-1106\" class=\"size-medium wp-image-1106\" src=\"http:\/\/legendywarszawskie.pl\/wp-content\/uploads\/2014\/08\/741px-POL_Wawer_COA.svg_-250x300.png\" alt=\"\u0179r\u00f3d\u0142o: Wikipedia\" width=\"250\" height=\"300\" srcset=\"http:\/\/legendywarszawskie.pl\/wp-content\/uploads\/2014\/08\/741px-POL_Wawer_COA.svg_-250x300.png 250w, http:\/\/legendywarszawskie.pl\/wp-content\/uploads\/2014\/08\/741px-POL_Wawer_COA.svg_.png 741w\" sizes=\"auto, (max-width: 250px) 100vw, 250px\" \/><\/a><p id=\"caption-attachment-1106\" class=\"wp-caption-text\">\u0179r\u00f3d\u0142o: Wikipedia<\/p><\/div>\n<div id=\"attachment_1108\" style=\"width: 268px\" class=\"wp-caption aligncenter\"><a href=\"http:\/\/legendywarszawskie.pl\/wp-content\/uploads\/2014\/08\/PL_Warsaw_wawer_location.svg_.png\"><img loading=\"lazy\" decoding=\"async\" aria-describedby=\"caption-attachment-1108\" class=\"size-medium wp-image-1108\" src=\"http:\/\/legendywarszawskie.pl\/wp-content\/uploads\/2014\/08\/PL_Warsaw_wawer_location.svg_-258x300.png\" alt=\"\u0179r\u00f3d\u0142o: Wikipedia\" width=\"258\" height=\"300\" srcset=\"http:\/\/legendywarszawskie.pl\/wp-content\/uploads\/2014\/08\/PL_Warsaw_wawer_location.svg_-258x300.png 258w, http:\/\/legendywarszawskie.pl\/wp-content\/uploads\/2014\/08\/PL_Warsaw_wawer_location.svg_.png 655w\" sizes=\"auto, (max-width: 258px) 100vw, 258px\" \/><\/a><p id=\"caption-attachment-1108\" class=\"wp-caption-text\">\u0179r\u00f3d\u0142o: Wikipedia<\/p><\/div>\n<p><strong>W granicach Warszawy:<\/strong> od 1951<br \/>\n<strong>Powierzchnia:<\/strong> 79,70 km2<br \/>\n<strong>Wed\u0142ug miejskiego systemu informacji dzieli si\u0119 na rejony:<\/strong><\/p>\n<ul>\n<li>Aleksandr\u00f3w<\/li>\n<li>Anin<\/li>\n<li>Falenica<\/li>\n<li>Las<\/li>\n<li>Marysin Wawerski<\/li>\n<li>Miedzeszyn<\/li>\n<li>Mi\u0119dzylesie<\/li>\n<li>Nadwi\u015ble<\/li>\n<li>Rado\u015b\u0107<\/li>\n<li>Sadul<\/li>\n<li>Wawer<\/li>\n<li>Zerze\u0144<\/li>\n<\/ul>\n<div id=\"attachment_1107\" style=\"width: 303px\" class=\"wp-caption aligncenter\"><a href=\"http:\/\/legendywarszawskie.pl\/wp-content\/uploads\/2014\/08\/744px-PL_Warsaw_WAWER_MSI_podzia\u0142.svg_.png\"><img loading=\"lazy\" decoding=\"async\" aria-describedby=\"caption-attachment-1107\" class=\"size-medium wp-image-1107\" src=\"http:\/\/legendywarszawskie.pl\/wp-content\/uploads\/2014\/08\/744px-PL_Warsaw_WAWER_MSI_podzia\u0142.svg_-293x300.png\" alt=\"\u0179r\u00f3d\u0142o: Wikipedia\" width=\"293\" height=\"300\" srcset=\"http:\/\/legendywarszawskie.pl\/wp-content\/uploads\/2014\/08\/744px-PL_Warsaw_WAWER_MSI_podzia\u0142.svg_-293x300.png 293w, http:\/\/legendywarszawskie.pl\/wp-content\/uploads\/2014\/08\/744px-PL_Warsaw_WAWER_MSI_podzia\u0142.svg_.png 744w\" sizes=\"auto, (max-width: 293px) 100vw, 293px\" \/><\/a><p id=\"caption-attachment-1107\" class=\"wp-caption-text\">\u0179r\u00f3d\u0142o: Wikipedia<\/p><\/div>\n<p>A wi\u0119cej tutaj o <a href=\"http:\/\/legendywarszawskie.pl\/?cat=17\">Wawrze<\/a>\u2026<\/p>\n","protected":false},"excerpt":{"rendered":"<p>Rozdzia\u0142 trzynasty (fragmenty) Wawer, czyli&#8230; W szponach \u017c\u0105dz wszelakich (&#8230;) \u2013 Panowie my\u015bl\u0105, \u017ce odpu\u015bci\u0142? \u2013 spyta\u0142a i chyba pierwszy raz si\u0119 za\u015bmia\u0142a. \u2013 Ale\u017c sk\u0105d! Twierdzi\u0142, \u017ce to nie <a class=\"more-link\" href=\"http:\/\/legendywarszawskie.pl\/?page_id=975\">Continue Reading &rarr;<\/a><\/p>\n","protected":false},"author":1,"featured_media":0,"parent":8,"menu_order":13,"comment_status":"closed","ping_status":"closed","template":"","meta":{"footnotes":""},"class_list":["post-975","page","type-page","status-publish","hentry"],"_links":{"self":[{"href":"http:\/\/legendywarszawskie.pl\/index.php?rest_route=\/wp\/v2\/pages\/975","targetHints":{"allow":["GET"]}}],"collection":[{"href":"http:\/\/legendywarszawskie.pl\/index.php?rest_route=\/wp\/v2\/pages"}],"about":[{"href":"http:\/\/legendywarszawskie.pl\/index.php?rest_route=\/wp\/v2\/types\/page"}],"author":[{"embeddable":true,"href":"http:\/\/legendywarszawskie.pl\/index.php?rest_route=\/wp\/v2\/users\/1"}],"replies":[{"embeddable":true,"href":"http:\/\/legendywarszawskie.pl\/index.php?rest_route=%2Fwp%2Fv2%2Fcomments&post=975"}],"version-history":[{"count":11,"href":"http:\/\/legendywarszawskie.pl\/index.php?rest_route=\/wp\/v2\/pages\/975\/revisions"}],"predecessor-version":[{"id":1590,"href":"http:\/\/legendywarszawskie.pl\/index.php?rest_route=\/wp\/v2\/pages\/975\/revisions\/1590"}],"up":[{"embeddable":true,"href":"http:\/\/legendywarszawskie.pl\/index.php?rest_route=\/wp\/v2\/pages\/8"}],"wp:attachment":[{"href":"http:\/\/legendywarszawskie.pl\/index.php?rest_route=%2Fwp%2Fv2%2Fmedia&parent=975"}],"curies":[{"name":"wp","href":"https:\/\/api.w.org\/{rel}","templated":true}]}}