{"id":967,"date":"2014-08-14T09:48:29","date_gmt":"2014-08-14T09:48:29","guid":{"rendered":"http:\/\/legendywarszawskie.pl\/?page_id=967"},"modified":"2015-02-21T13:17:57","modified_gmt":"2015-02-21T13:17:57","slug":"o-bielanach","status":"publish","type":"page","link":"http:\/\/legendywarszawskie.pl\/?page_id=967","title":{"rendered":"Rozdzia\u0142 o&#8230; Bielanach"},"content":{"rendered":"<p><strong>Rozdzia\u0142 trzeci (fragmenty)<\/strong><\/p>\n<p><strong>Bielany, czyli&#8230; Hospody pomy\u0142uj<\/strong><\/p>\n<p><a href=\"http:\/\/legendywarszawskie.pl\/wp-content\/uploads\/2014\/08\/DSC_6476.jpg\"><img loading=\"lazy\" decoding=\"async\" class=\"alignleft wp-image-745 size-medium\" src=\"http:\/\/legendywarszawskie.pl\/wp-content\/uploads\/2014\/08\/DSC_6476-200x300.jpg\" alt=\"DSC_6476\" width=\"200\" height=\"300\" srcset=\"http:\/\/legendywarszawskie.pl\/wp-content\/uploads\/2014\/08\/DSC_6476-200x300.jpg 200w, http:\/\/legendywarszawskie.pl\/wp-content\/uploads\/2014\/08\/DSC_6476-685x1024.jpg 685w, http:\/\/legendywarszawskie.pl\/wp-content\/uploads\/2014\/08\/DSC_6476-800x1195.jpg 800w\" sizes=\"auto, (max-width: 200px) 100vw, 200px\" \/><\/a><\/p>\n<p>(&#8230;) \u2013 Od kiedy si\u0119gam pami\u0119ci\u0105, zawsze tak by\u0142o \u2013 wyzna\u0142 ksi\u0105dz, u\u015bmiechaj\u0105c si\u0119 szeroko, a potem powiedzia\u0142, \u017ce tak naprawd\u0119 nikt si\u0119 tym nie przejmuje, cho\u0107 przyzna\u0142, \u017ce mi\u0142o by\u0142oby zna\u0107 odpowied\u017a na pytanie, czemu tak si\u0119 dzieje.<\/p>\n<p>Powiedzieli\u015bmy, \u017ce ze wzgl\u0119du na osob\u0119 naszego wsp\u00f3lnego zmar\u0142ego przyjaciela postaramy si\u0119 spraw\u0119 wybada\u0107. Um\u00f3wili\u015bmy si\u0119, \u017ce skontaktujemy si\u0119 w razie jakichkolwiek pyta\u0144.<\/p>\n<p>Nast\u0119pnego dnia przyjechali\u015bmy na Bielany. Ko\u015bci\u00f3\u0142 wyda\u0142 nam si\u0119 bielszy ni\u017c kiedy\u015b. Mo\u017ce dlatego, \u017ce by\u0142 to wyj\u0105tkowo ciep\u0142y, Ko\u015bci\u00f3\u0142 pokamedulski na warszawskich Bielanach pa\u017adziernikowy dzie\u0144 i s\u0142o\u0144ce s\u0105czy\u0142o si\u0119 przez okna do wn\u0119trza \u015bwi\u0105tyni. Zajrzeli\u015bmy do \u015brodka, a potem obeszli\u015bmy j\u0105 dooko\u0142a kilka razy. Przygl\u0105dali\u015bmy si\u0119 te\u017c kamedulskim eremom. Nic nam nie przychodzi\u0142o do g\u0142owy. To jedna z pi\u0119kniejszych \u015bwi\u0105ty\u0144 Warszawy, o kt\u00f3rej napisano tomy literatury. W 1822 roku Julian Jasie\u0144ski po\u015bwi\u0119ci\u0142 jej wiersz:<\/p>\n<p><em>\u015alubowi Wazy, sercu Korybuta<\/em><br \/>\n<em>Winna dzisiejszy byt sw\u00f3j dwuwiekowy,<\/em><br \/>\n<em>Wpatrzona w niebo, w gaj le\u015bny osnuta,<\/em><br \/>\n<em>Witaj \u015bwi\u0105ty\u0144ko na G\u00f3rze Polkowej.<\/em><br \/>\n<em>\u015aciany twe zdobne p\u0119dzlem Smuglewicza (\u2026)<\/em><\/p>\n<p>\u015awi\u0105tyni\u0119 wzniesiono na prze\u0142omie siedemnastego i osiemnastego wieku dla przyby\u0142ych tu z krakowskich Bielan kamedu\u0142\u00f3w. By\u0142a to fundacja Kr\u00f3la W\u0142adys\u0142awa IV Wazy, kt\u00f3ry nada\u0142 te ziemie zakonowi. Prace wyko\u0144czeniowe ci\u0105gn\u0119\u0142y si\u0119 jeszcze przez nast\u0119pne niemal pi\u0119\u0107dziesi\u0105t lat. Z boku ko\u015bcio\u0142a pochowany jest Stanis\u0142aw Staszic, a w \u015brodku w prezbiterium znajduje si\u0119 serce Micha\u0142a Korybuta Wi\u015bniowieckiego i jego matki Gryzeldy z Zamoyskich. Opr\u00f3cz ko\u015bcio\u0142a do dzi\u015b zachowa\u0142y si\u0119 zabudowania klasztorne. Refektarz, czyli rodzaj jadalni, infirmeria, czyli rodzaj szpitala, dom go\u015bcinny oraz trzyna\u015bcie erem\u00f3w, czyli domk\u00f3w pustelniczych. Kameduli zostali wyp\u0119dzeni z Warszawy po trzecim rozbiorze Polski i ju\u017c nigdy nie wr\u00f3cili na warszawskie Bielany.<br \/>\nZn\u00f3w obeszli\u015bmy budowl\u0119 kilka razy dooko\u0142a. Zn\u00f3w zajrzeli\u015bmy w otoczenie erem\u00f3w. Postali\u015bmy nawet d\u0142u\u017csz\u0105 chwil\u0119 przed ko\u015bcio\u0142em, patrz\u0105c na umieszczony na \u015bcianie zegar s\u0142oneczny i staraj\u0105c si\u0119 sprawdzi\u0107, czy wskazuje w\u0142a\u015bciw\u0105 godzin\u0119. Jednak nic nam nie przychodzi\u0142o do g\u0142owy. Siedli\u015bmy wi\u0119c we wn\u0119trzu \u015bwi\u0105tyni. Rozgl\u0105daj\u0105c si\u0119 wok\u00f3\u0142, podziwiali\u015bmy obrazy w o\u0142tarzach.<\/p>\n<p>Cisza by\u0142a przejmuj\u0105ca. I w\u0142a\u015bnie wtedy us\u0142yszeli\u015bmy \u015bpiew. Najpierw cichy, a potem coraz g\u0142o\u015bniejszy. Nie rozumieli\u015bmy z niego ani s\u0142owa, ale tego, \u017ce jest to chora\u0142 cerkiewny, byli\u015bmy pewni. Mimo \u017ce nie uda\u0142o nam si\u0119 doj\u015b\u0107, co to za \u015bpiewy i sk\u0105d dok\u0142adnie dobiegaj\u0105, bo ch\u00f3r nad wej\u015bciem do ko\u015bcio\u0142a by\u0142 pusty i w og\u00f3le poza nami w \u015bwi\u0105tyni nie by\u0142o w tym momencie nikogo, to jednak tego dnia wr\u00f3cili\u015bmy do naszego biura w ca\u0142kiem dobrym nastroju. (&#8230;)<\/p>\n<p><a href=\"http:\/\/legendywarszawskie.pl\/wp-content\/uploads\/2014\/08\/161px-POL_Warszawa-Bielany_COA.svg_.png\"><img loading=\"lazy\" decoding=\"async\" class=\"aligncenter size-full wp-image-1070\" src=\"http:\/\/legendywarszawskie.pl\/wp-content\/uploads\/2014\/08\/161px-POL_Warszawa-Bielany_COA.svg_.png\" alt=\"161px-POL_Warszawa-Bielany_COA.svg\" width=\"161\" height=\"191\" \/><\/a> <a href=\"http:\/\/legendywarszawskie.pl\/wp-content\/uploads\/2014\/08\/PL_Warsaw_bielany_location.svg_.png\"><img loading=\"lazy\" decoding=\"async\" class=\"aligncenter size-medium wp-image-1071\" src=\"http:\/\/legendywarszawskie.pl\/wp-content\/uploads\/2014\/08\/PL_Warsaw_bielany_location.svg_-258x300.png\" alt=\"PL_Warsaw_bielany_location.svg\" width=\"258\" height=\"300\" srcset=\"http:\/\/legendywarszawskie.pl\/wp-content\/uploads\/2014\/08\/PL_Warsaw_bielany_location.svg_-258x300.png 258w, http:\/\/legendywarszawskie.pl\/wp-content\/uploads\/2014\/08\/PL_Warsaw_bielany_location.svg_.png 655w\" sizes=\"auto, (max-width: 258px) 100vw, 258px\" \/><\/a><\/p>\n<p><strong>W granicach Warszawy:<\/strong> od XIX wieku<\/p>\n<p><strong>Powierzchnia:<\/strong> 32,34 km2<br \/>\n<strong>Wed\u0142ug miejskiego systemu informacji dzieli si\u0119 na rejony:<\/strong><\/p>\n<ul>\n<li>Chomicz\u00f3wka,<\/li>\n<li>Huta,<\/li>\n<li>Las Biela\u0144ski,<\/li>\n<li>Marymont-Kaskada,<\/li>\n<li>Marymont-Ruda,<\/li>\n<li>M\u0142ociny,<\/li>\n<li>Piaski,<\/li>\n<li>Plac\u00f3wka,<\/li>\n<li>Radiowo,<\/li>\n<li>Stare Bielany,<\/li>\n<li>S\u0142odowiec,<\/li>\n<li>Wawrzyszew,<\/li>\n<li>W\u00f3lka W\u0119glowa,<\/li>\n<li>Wrzeciono.<\/li>\n<\/ul>\n<p><a href=\"http:\/\/legendywarszawskie.pl\/wp-content\/uploads\/2014\/08\/PL_Warsaw_BIELANY_MSI_podzia\u0142.svg_.png\"><img loading=\"lazy\" decoding=\"async\" class=\"aligncenter size-medium wp-image-1072\" src=\"http:\/\/legendywarszawskie.pl\/wp-content\/uploads\/2014\/08\/PL_Warsaw_BIELANY_MSI_podzia\u0142.svg_-300x275.png\" alt=\"PL_Warsaw_BIELANY_MSI_podzia\u0142.svg\" width=\"300\" height=\"275\" srcset=\"http:\/\/legendywarszawskie.pl\/wp-content\/uploads\/2014\/08\/PL_Warsaw_BIELANY_MSI_podzia\u0142.svg_-300x275.png 300w, http:\/\/legendywarszawskie.pl\/wp-content\/uploads\/2014\/08\/PL_Warsaw_BIELANY_MSI_podzia\u0142.svg_-800x734.png 800w, http:\/\/legendywarszawskie.pl\/wp-content\/uploads\/2014\/08\/PL_Warsaw_BIELANY_MSI_podzia\u0142.svg_.png 810w\" sizes=\"auto, (max-width: 300px) 100vw, 300px\" \/><\/a><\/p>\n<p>A wi\u0119cej tutaj o <a href=\"http:\/\/legendywarszawskie.pl\/?cat=5\">Bielanach<\/a>\u2026<\/p>\n","protected":false},"excerpt":{"rendered":"<p>Rozdzia\u0142 trzeci (fragmenty) Bielany, czyli&#8230; Hospody pomy\u0142uj (&#8230;) \u2013 Od kiedy si\u0119gam pami\u0119ci\u0105, zawsze tak by\u0142o \u2013 wyzna\u0142 ksi\u0105dz, u\u015bmiechaj\u0105c si\u0119 szeroko, a potem powiedzia\u0142, \u017ce tak naprawd\u0119 nikt si\u0119 <a class=\"more-link\" href=\"http:\/\/legendywarszawskie.pl\/?page_id=967\">Continue Reading &rarr;<\/a><\/p>\n","protected":false},"author":1,"featured_media":0,"parent":8,"menu_order":3,"comment_status":"closed","ping_status":"closed","template":"","meta":{"footnotes":""},"class_list":["post-967","page","type-page","status-publish","hentry"],"_links":{"self":[{"href":"http:\/\/legendywarszawskie.pl\/index.php?rest_route=\/wp\/v2\/pages\/967","targetHints":{"allow":["GET"]}}],"collection":[{"href":"http:\/\/legendywarszawskie.pl\/index.php?rest_route=\/wp\/v2\/pages"}],"about":[{"href":"http:\/\/legendywarszawskie.pl\/index.php?rest_route=\/wp\/v2\/types\/page"}],"author":[{"embeddable":true,"href":"http:\/\/legendywarszawskie.pl\/index.php?rest_route=\/wp\/v2\/users\/1"}],"replies":[{"embeddable":true,"href":"http:\/\/legendywarszawskie.pl\/index.php?rest_route=%2Fwp%2Fv2%2Fcomments&post=967"}],"version-history":[{"count":12,"href":"http:\/\/legendywarszawskie.pl\/index.php?rest_route=\/wp\/v2\/pages\/967\/revisions"}],"predecessor-version":[{"id":1579,"href":"http:\/\/legendywarszawskie.pl\/index.php?rest_route=\/wp\/v2\/pages\/967\/revisions\/1579"}],"up":[{"embeddable":true,"href":"http:\/\/legendywarszawskie.pl\/index.php?rest_route=\/wp\/v2\/pages\/8"}],"wp:attachment":[{"href":"http:\/\/legendywarszawskie.pl\/index.php?rest_route=%2Fwp%2Fv2%2Fmedia&parent=967"}],"curies":[{"name":"wp","href":"https:\/\/api.w.org\/{rel}","templated":true}]}}