{"id":831,"date":"2014-08-09T16:22:32","date_gmt":"2014-08-09T16:22:32","guid":{"rendered":"http:\/\/legendywarszawskie.pl\/?page_id=831"},"modified":"2015-02-21T14:16:21","modified_gmt":"2015-02-21T14:16:21","slug":"wesola","status":"publish","type":"page","link":"http:\/\/legendywarszawskie.pl\/?page_id=831","title":{"rendered":"Rozdzia\u0142 o&#8230; Weso\u0142ej"},"content":{"rendered":"<p><strong>Rozdzia\u0142 czternasty (fragmenty)<\/strong><\/p>\n<p><strong>Weso\u0142a, czyli&#8230; Cynowy kubek Grzegorza<\/strong><\/p>\n<p><a href=\"http:\/\/legendywarszawskie.pl\/wp-content\/uploads\/2014\/07\/DSC_6170.jpg\"><img loading=\"lazy\" decoding=\"async\" class=\"alignleft wp-image-377 size-medium\" src=\"http:\/\/legendywarszawskie.pl\/wp-content\/uploads\/2014\/07\/DSC_6170-300x200.jpg\" alt=\"DSC_6170\" width=\"300\" height=\"200\" srcset=\"http:\/\/legendywarszawskie.pl\/wp-content\/uploads\/2014\/07\/DSC_6170-300x200.jpg 300w, http:\/\/legendywarszawskie.pl\/wp-content\/uploads\/2014\/07\/DSC_6170-1024x685.jpg 1024w, http:\/\/legendywarszawskie.pl\/wp-content\/uploads\/2014\/07\/DSC_6170-800x535.jpg 800w\" sizes=\"auto, (max-width: 300px) 100vw, 300px\" \/><\/a><\/p>\n<p>(&#8230;) Kubek, kt\u00f3ry mieli\u015bmy w r\u0119kach po raz wt\u00f3ry, by\u0142 zwyk\u0142ym cynowym kubkiem, jakich by\u0142y setki, a mo\u017ce tysi\u0105ce w pocz\u0105tkach dziewi\u0119tnastego wieku. Ledwie to sobie u\u015bwiadomili\u015bmy, gdy nagle doznali\u015bmy ol\u015bnienia. A mo\u017ce to naczynie z karczmy? Wtedy powszechne by\u0142o, \u017ce w karczmach u\u017cywano naczy\u0144 z gliny lub metalu. Jednak wed\u0142ug wszelkich danych, jakie uda\u0142o nam si\u0119 uzyska\u0107 wtedy, gdy badali\u015bmy dzieje folwarku Mi\u0142osna, cho\u0107 karczem by\u0142o tu kilka, to \u017cadna z nich na pewno nie mie\u015bci\u0142a si\u0119 na terenie, na kt\u00f3rym dzi\u015b stoi dom \u0141ysola. Mo\u017ce tu mieszka\u0142 kiedy\u015b kto\u015b, kto chodzi\u0142 do kt\u00f3rej\u015b z karczem? Je\u015bli tak, to nie m\u00f3g\u0142 by\u0107 osob\u0105 m\u0142od\u0105, bo taka wed\u0142ug wszelkich danych wst\u0119pu do karczmy wtedy nie mia\u0142a. Nie m\u00f3g\u0142 by\u0107 osob\u0105 biedn\u0105, gdy\u017c te nie sta\u0107 by\u0142oby na to, co w karczmie serwowano. Kim wi\u0119c by\u0142? Do kt\u00f3rej karczmy chodzi\u0142? I kiedy? \u0141ysolowi zaproponowali\u015bmy wypraw\u0119 na Ko\u0142o, na bazar staroci. Niech sam pojedzie i zasi\u0119gnie j\u0119zyka, jak stary mo\u017ce by\u0107 kubek. My datowali\u015bmy go na pierwsz\u0105 po\u0142ow\u0119 dziewi\u0119tnastego wieku, ale mo\u017ce na Kole znajdzie kogo\u015b, kto poda mu wi\u0119cej danych. By\u0142a akurat sobota rano. \u0141ysol wr\u00f3ci\u0142 do nas po dw\u00f3ch godzinach, by\u0142 wyj\u0105tkowo u\u015bmiechni\u0119ty i z miejsca poinformowa\u0142, \u017ce \u2013 jak to si\u0119 wyrazi\u0142 \u2013 \u201eopchn\u0105\u0142\u201d kubek za sto pi\u0119\u0107dziesi\u0105t z\u0142otych.<br \/>\n<a href=\"http:\/\/czucieiwiara.pl\/wp-content\/uploads\/2015\/01\/DSC_7772.jpg\"><img loading=\"lazy\" decoding=\"async\" class=\"alignright size-medium wp-image-1562\" src=\"http:\/\/czucieiwiara.pl\/wp-content\/uploads\/2015\/01\/DSC_7772-300x201.jpg\" alt=\"DSC_7772\" width=\"300\" height=\"201\" srcset=\"http:\/\/legendywarszawskie.pl\/wp-content\/uploads\/2015\/01\/DSC_7772-300x201.jpg 300w, http:\/\/legendywarszawskie.pl\/wp-content\/uploads\/2015\/01\/DSC_7772-1024x685.jpg 1024w\" sizes=\"auto, (max-width: 300px) 100vw, 300px\" \/><\/a>\u2013 No ale jak my teraz b\u0119dziemy bada\u0107 jego proweniencj\u0119? \u2013 spytali\u015bmy zdumieni, \u017ce mo\u017cna bez mrugni\u0119cia okiem i chwili refleksji sprzeda\u0107 dow\u00f3d w sprawie! Zw\u0142aszcza gdy nie jest si\u0119 osob\u0105 potrzebuj\u0105c\u0105 pieni\u0119dzy. \u0141ysol przecie\u017c ich nie potrzebowa\u0142. Jak si\u0119 dowiedzieli\u015bmy, sprawdzaj\u0105c to zreszt\u0105 w Internecie, gdy tylko przyj\u0119li\u015bmy od niego zlecenie, by\u0142 znanym dzia\u0142aczem sportowym.<br \/>\n\u2013 Prowe\u2026 co\u015b tam\u2026 zbadacie sobie za kilka dni \u2013 odpar\u0142, wzruszaj\u0105c ramionami. \u2013 Przecie\u017c kubek i tak do mnie wr\u00f3ci.<br \/>\nTo ostatnie powiedzia\u0142 po raz pierwszy spokojnie i bez nerw\u00f3w, a my uznali\u015bmy, i\u017c to perspektywa wielokrotnej sprzeda\u017cy tego samego naczynia, a co za tym idzie widmo bardzo \u0142atwego zarobku, wprawi\u0142y go w tak doskona\u0142y humor. Szybko okaza\u0142o si\u0119, \u017ce mieli\u015bmy racj\u0119. \u0141ysol westchn\u0105\u0142 bowiem g\u0142o\u015bno i powiedzia\u0142:<br \/>\n\u2013 Ach! Gdyby mie\u0107 kilka takich kubk\u00f3w\u2026(&#8230;)<\/p>\n<div id=\"attachment_1110\" style=\"width: 185px\" class=\"wp-caption aligncenter\"><a href=\"http:\/\/legendywarszawskie.pl\/wp-content\/uploads\/2014\/08\/175px-POL_Warsaw_district_Wesola_COA.svg_.png\"><img loading=\"lazy\" decoding=\"async\" aria-describedby=\"caption-attachment-1110\" class=\"size-full wp-image-1110\" src=\"http:\/\/legendywarszawskie.pl\/wp-content\/uploads\/2014\/08\/175px-POL_Warsaw_district_Wesola_COA.svg_.png\" alt=\"\u0179r\u00f3d\u0142o: Wikipedia\" width=\"175\" height=\"211\" \/><\/a><p id=\"caption-attachment-1110\" class=\"wp-caption-text\">\u0179r\u00f3d\u0142o: Wikipedia<\/p><\/div>\n<div id=\"attachment_1111\" style=\"width: 268px\" class=\"wp-caption aligncenter\"><a href=\"http:\/\/legendywarszawskie.pl\/wp-content\/uploads\/2014\/08\/PL_Warsaw_weso\u0142a_location.svg_.png\"><img loading=\"lazy\" decoding=\"async\" aria-describedby=\"caption-attachment-1111\" class=\"size-medium wp-image-1111\" src=\"http:\/\/legendywarszawskie.pl\/wp-content\/uploads\/2014\/08\/PL_Warsaw_weso\u0142a_location.svg_-258x300.png\" alt=\"\u0179r\u00f3d\u0142o: Wikipedia\" width=\"258\" height=\"300\" srcset=\"http:\/\/legendywarszawskie.pl\/wp-content\/uploads\/2014\/08\/PL_Warsaw_weso\u0142a_location.svg_-258x300.png 258w, http:\/\/legendywarszawskie.pl\/wp-content\/uploads\/2014\/08\/PL_Warsaw_weso\u0142a_location.svg_.png 655w\" sizes=\"auto, (max-width: 258px) 100vw, 258px\" \/><\/a><p id=\"caption-attachment-1111\" class=\"wp-caption-text\">\u0179r\u00f3d\u0142o: Wikipedia<\/p><\/div>\n<p><strong>W granicach Warszawy:<\/strong> od 2002<br \/>\n<strong>Powierzchnia:<\/strong> 22,94 km2<br \/>\n<strong>Wed\u0142ug miejskiego systemu informacji dzieli si\u0119 na rejony:<\/strong><\/p>\n<ul>\n<li>Wola Grzybowska<\/li>\n<li>Weso\u0142a-Centrum<\/li>\n<li>Grosz\u00f3wka<\/li>\n<li>Grzybowa i Zielona<\/li>\n<li>Stara Mi\u0142osna<\/li>\n<li>Plac Wojska Polskiego<\/li>\n<\/ul>\n<div id=\"attachment_1112\" style=\"width: 190px\" class=\"wp-caption aligncenter\"><a href=\"http:\/\/legendywarszawskie.pl\/wp-content\/uploads\/2014\/08\/PL_Warsaw_WESO\u0141A_MSI_podzia\u0142.svg_.png\"><img loading=\"lazy\" decoding=\"async\" aria-describedby=\"caption-attachment-1112\" class=\"size-medium wp-image-1112\" src=\"http:\/\/legendywarszawskie.pl\/wp-content\/uploads\/2014\/08\/PL_Warsaw_WESO\u0141A_MSI_podzia\u0142.svg_-180x300.png\" alt=\"\u0179r\u00f3d\u0142o: Wikipedia\" width=\"180\" height=\"300\" srcset=\"http:\/\/legendywarszawskie.pl\/wp-content\/uploads\/2014\/08\/PL_Warsaw_WESO\u0141A_MSI_podzia\u0142.svg_-180x300.png 180w, http:\/\/legendywarszawskie.pl\/wp-content\/uploads\/2014\/08\/PL_Warsaw_WESO\u0141A_MSI_podzia\u0142.svg_-614x1024.png 614w, http:\/\/legendywarszawskie.pl\/wp-content\/uploads\/2014\/08\/PL_Warsaw_WESO\u0141A_MSI_podzia\u0142.svg_.png 640w\" sizes=\"auto, (max-width: 180px) 100vw, 180px\" \/><\/a><p id=\"caption-attachment-1112\" class=\"wp-caption-text\">\u0179r\u00f3d\u0142o: Wikipedia<\/p><\/div>\n<p>A wi\u0119cej tutaj o <a href=\"http:\/\/legendywarszawskie.pl\/?cat=18\">Weso\u0142ej<\/a>\u2026<\/p>\n","protected":false},"excerpt":{"rendered":"<p>Rozdzia\u0142 czternasty (fragmenty) Weso\u0142a, czyli&#8230; Cynowy kubek Grzegorza (&#8230;) Kubek, kt\u00f3ry mieli\u015bmy w r\u0119kach po raz wt\u00f3ry, by\u0142 zwyk\u0142ym cynowym kubkiem, jakich by\u0142y setki, a mo\u017ce tysi\u0105ce w pocz\u0105tkach dziewi\u0119tnastego <a class=\"more-link\" href=\"http:\/\/legendywarszawskie.pl\/?page_id=831\">Continue Reading &rarr;<\/a><\/p>\n","protected":false},"author":1,"featured_media":0,"parent":8,"menu_order":14,"comment_status":"closed","ping_status":"closed","template":"","meta":{"footnotes":""},"class_list":["post-831","page","type-page","status-publish","hentry"],"_links":{"self":[{"href":"http:\/\/legendywarszawskie.pl\/index.php?rest_route=\/wp\/v2\/pages\/831","targetHints":{"allow":["GET"]}}],"collection":[{"href":"http:\/\/legendywarszawskie.pl\/index.php?rest_route=\/wp\/v2\/pages"}],"about":[{"href":"http:\/\/legendywarszawskie.pl\/index.php?rest_route=\/wp\/v2\/types\/page"}],"author":[{"embeddable":true,"href":"http:\/\/legendywarszawskie.pl\/index.php?rest_route=\/wp\/v2\/users\/1"}],"replies":[{"embeddable":true,"href":"http:\/\/legendywarszawskie.pl\/index.php?rest_route=%2Fwp%2Fv2%2Fcomments&post=831"}],"version-history":[{"count":11,"href":"http:\/\/legendywarszawskie.pl\/index.php?rest_route=\/wp\/v2\/pages\/831\/revisions"}],"predecessor-version":[{"id":1592,"href":"http:\/\/legendywarszawskie.pl\/index.php?rest_route=\/wp\/v2\/pages\/831\/revisions\/1592"}],"up":[{"embeddable":true,"href":"http:\/\/legendywarszawskie.pl\/index.php?rest_route=\/wp\/v2\/pages\/8"}],"wp:attachment":[{"href":"http:\/\/legendywarszawskie.pl\/index.php?rest_route=%2Fwp%2Fv2%2Fmedia&parent=831"}],"curies":[{"name":"wp","href":"https:\/\/api.w.org\/{rel}","templated":true}]}}