{"id":334,"date":"2014-08-02T04:30:24","date_gmt":"2014-08-02T04:30:24","guid":{"rendered":"http:\/\/legendywarszawskie.pl\/?page_id=334"},"modified":"2015-02-21T14:25:50","modified_gmt":"2015-02-21T14:25:50","slug":"wola","status":"publish","type":"page","link":"http:\/\/legendywarszawskie.pl\/?page_id=334","title":{"rendered":"Rozdzia\u0142 o&#8230; Woli&#8230;"},"content":{"rendered":"<p><strong>Rozdzia\u0142 siedemnasty (fragmenty) <\/strong><\/p>\n<p><strong>Wola, czyli&#8230; Pod znakiem trzech powsta\u0144<\/strong><\/p>\n<p><img loading=\"lazy\" decoding=\"async\" class=\"alignleft wp-image-226 size-medium\" src=\"http:\/\/legendywarszawskie.pl\/wp-content\/uploads\/2014\/07\/DSC_5648-e1404914627930-200x300.jpg\" alt=\"DSC_5648\" width=\"200\" height=\"300\" srcset=\"http:\/\/legendywarszawskie.pl\/wp-content\/uploads\/2014\/07\/DSC_5648-e1404914627930-200x300.jpg 200w, http:\/\/legendywarszawskie.pl\/wp-content\/uploads\/2014\/07\/DSC_5648-e1404914627930-685x1024.jpg 685w, http:\/\/legendywarszawskie.pl\/wp-content\/uploads\/2014\/07\/DSC_5648-e1404914627930-800x1195.jpg 800w\" sizes=\"auto, (max-width: 200px) 100vw, 200px\" \/><\/p>\n<p>(&#8230;) \u2013 To\u2026 przepraszam \u2013 Lucyna wysz\u0142a z kancelarii. I pewnie nigdy w \u017cyciu wi\u0119cej nie szuka\u0142aby Hieronima Nieszkowskiego, gdyby nie przypadkowe spotkanie z nami. Siedzieli\u015bmy w dziale czasopism Biblioteki Uniwersytetu Warszawskiego. \u015al\u0119czeli\u015bmy nad jedn\u0105 z tajemnic, kt\u00f3rych rozwi\u0105zanie nam zlecono. To wtedy us\u0142yszeli\u015bmy, gdy p\u00f3\u0142g\u0142osem opowiada\u0142a jednej z bibliotekarek histori\u0119 o staro\u015bwieckim panu, kt\u00f3rego zawsze spotyka\u0142a na cmentarzu kalwi\u0144skim, a kt\u00f3ry teraz przesta\u0142 tam przychodzi\u0107. Poda\u0142a jego imi\u0119 i nazwisko. Hieronim Nieszkowski. W naszej kancelarii jeste\u015bmy przecie\u017c zdania, \u017ce \u017cyciem nie rz\u0105dz\u0105 przypadki. To te\u017c nie m\u00f3g\u0142 by\u0107 przypadek. Akurat dla potrzeb wyja\u015bnienia pewnej zagadki przegl\u0105dali\u015bmy gazety warszawskie z 1922 roku. Jedn\u0105 z nich mieli\u015bmy otwart\u0105 na stronie, na kt\u00f3rej by\u0142 nast\u0119puj\u0105cy nekrolog:<\/p>\n<p style=\"text-align: center;\">\u015a. \u2020 P.<br \/>\nHieronim Ko\u015bciesza-Nieszkowski<br \/>\nobywatel ziemski, weteran 1863 r.<br \/>\nzmar\u0142 dnia 4 marca 1922 r., prze\u017cywszy lat 88<br \/>\nWyprowadzenie zw\u0142ok z mieszkania przy ul. Ho\u017cej Nr. 28<br \/>\nna cmentarz ewangelicko-reformowany nast\u0105pi we wtorek,<br \/>\nDN 7-ego bm, o godz. 2-ej po po\u0142.<br \/>\nna kt\u00f3re zaprasza krewnych, koleg\u00f3w i \u017cyczliwych<br \/>\npozosta\u0142a w g\u0142\u0119bokim smutku<br \/>\n\u017cona.<\/p>\n<p>Podeszli\u015bmy do pani Lucyny. Przedstawili\u015bmy si\u0119. Przeprosili\u015bmy, \u017ce byli\u015bmy mimowolnymi \u015bwiadkami jej rozmowy, ale chcemy jej co\u015b pokaza\u0107. Gdy ujrza\u0142a nekrolog, oczy kobiety zrobi\u0142y si\u0119 okr\u0105g\u0142e ze zdumienia.<br \/>\n\u2013 Ale\u2026 to niemo\u017cliwe \u2013 powiedzia\u0142a.<br \/>\n\u2013 Prosz\u0119 pani \u2013 pospieszyli\u015bmy z wyja\u015bnieniem. \u2013 Wie pani, \u017ce \u201es\u0105 rzeczy na niebie i ziemi, o kt\u00f3rych nie \u015bni\u0142o si\u0119 nawet filozofom\u201d.<br \/>\n\u2013 Ale ja nie mog\u0119 tego zrozumie\u0107? My\u015bl\u0105 panowie, \u017ce to napraw\u0119 on? \u017be ten m\u00f3j Hieronim to duch? Niemo\u017cliwe! Jak to panowie udowodni\u0105?\u00a0(&#8230;)<\/p>\n<div id=\"attachment_1123\" style=\"width: 268px\" class=\"wp-caption aligncenter\"><a href=\"http:\/\/legendywarszawskie.pl\/wp-content\/uploads\/2014\/08\/PL_Warsaw_wola_location.svg_.png\"><img loading=\"lazy\" decoding=\"async\" aria-describedby=\"caption-attachment-1123\" class=\"size-medium wp-image-1123\" src=\"http:\/\/legendywarszawskie.pl\/wp-content\/uploads\/2014\/08\/PL_Warsaw_wola_location.svg_-258x300.png\" alt=\"\u0179r\u00f3d\u0142o: Wikipedia\" width=\"258\" height=\"300\" srcset=\"http:\/\/legendywarszawskie.pl\/wp-content\/uploads\/2014\/08\/PL_Warsaw_wola_location.svg_-258x300.png 258w, http:\/\/legendywarszawskie.pl\/wp-content\/uploads\/2014\/08\/PL_Warsaw_wola_location.svg_.png 655w\" sizes=\"auto, (max-width: 258px) 100vw, 258px\" \/><\/a><p id=\"caption-attachment-1123\" class=\"wp-caption-text\">\u0179r\u00f3d\u0142o: Wikipedia<\/p><\/div>\n<p><strong>W granicach Warszawy:<\/strong> od XVIII w.<br \/>\n<strong>Powierzchnia:<\/strong> 19,26 km2<br \/>\n<strong>Wed\u0142ug miejskiego systemu informacji dzieli si\u0119 na rejony:<\/strong><\/p>\n<ul>\n<li>Ko\u0142o,<\/li>\n<li>Ulrych\u00f3w,<\/li>\n<li>Odolany,<\/li>\n<li>Pow\u0105zki,<\/li>\n<li>M\u0142yn\u00f3w,<\/li>\n<li>Czyste,<\/li>\n<li>Nowolipki,<\/li>\n<li>Mir\u00f3w.<\/li>\n<\/ul>\n<div id=\"attachment_1124\" style=\"width: 310px\" class=\"wp-caption aligncenter\"><a href=\"http:\/\/legendywarszawskie.pl\/wp-content\/uploads\/2014\/08\/PL_warszawa_wola_plan_adm.svg_.png\"><img loading=\"lazy\" decoding=\"async\" aria-describedby=\"caption-attachment-1124\" class=\"size-medium wp-image-1124\" src=\"http:\/\/legendywarszawskie.pl\/wp-content\/uploads\/2014\/08\/PL_warszawa_wola_plan_adm.svg_-300x272.png\" alt=\"\u0179r\u00f3d\u0142o: Wikipedia\" width=\"300\" height=\"272\" srcset=\"http:\/\/legendywarszawskie.pl\/wp-content\/uploads\/2014\/08\/PL_warszawa_wola_plan_adm.svg_-300x272.png 300w, http:\/\/legendywarszawskie.pl\/wp-content\/uploads\/2014\/08\/PL_warszawa_wola_plan_adm.svg_.png 744w\" sizes=\"auto, (max-width: 300px) 100vw, 300px\" \/><\/a><p id=\"caption-attachment-1124\" class=\"wp-caption-text\">\u0179r\u00f3d\u0142o: Wikipedia<\/p><\/div>\n<p>A wi\u0119cej tutaj o <a href=\"http:\/\/legendywarszawskie.pl\/?cat=21\">Woli<\/a>\u2026<\/p>\n","protected":false},"excerpt":{"rendered":"<p>Rozdzia\u0142 siedemnasty (fragmenty) Wola, czyli&#8230; Pod znakiem trzech powsta\u0144 (&#8230;) \u2013 To\u2026 przepraszam \u2013 Lucyna wysz\u0142a z kancelarii. I pewnie nigdy w \u017cyciu wi\u0119cej nie szuka\u0142aby Hieronima Nieszkowskiego, gdyby nie <a class=\"more-link\" href=\"http:\/\/legendywarszawskie.pl\/?page_id=334\">Continue Reading &rarr;<\/a><\/p>\n","protected":false},"author":1,"featured_media":0,"parent":8,"menu_order":17,"comment_status":"closed","ping_status":"closed","template":"","meta":{"footnotes":""},"class_list":["post-334","page","type-page","status-publish","hentry"],"_links":{"self":[{"href":"http:\/\/legendywarszawskie.pl\/index.php?rest_route=\/wp\/v2\/pages\/334","targetHints":{"allow":["GET"]}}],"collection":[{"href":"http:\/\/legendywarszawskie.pl\/index.php?rest_route=\/wp\/v2\/pages"}],"about":[{"href":"http:\/\/legendywarszawskie.pl\/index.php?rest_route=\/wp\/v2\/types\/page"}],"author":[{"embeddable":true,"href":"http:\/\/legendywarszawskie.pl\/index.php?rest_route=\/wp\/v2\/users\/1"}],"replies":[{"embeddable":true,"href":"http:\/\/legendywarszawskie.pl\/index.php?rest_route=%2Fwp%2Fv2%2Fcomments&post=334"}],"version-history":[{"count":14,"href":"http:\/\/legendywarszawskie.pl\/index.php?rest_route=\/wp\/v2\/pages\/334\/revisions"}],"predecessor-version":[{"id":1595,"href":"http:\/\/legendywarszawskie.pl\/index.php?rest_route=\/wp\/v2\/pages\/334\/revisions\/1595"}],"up":[{"embeddable":true,"href":"http:\/\/legendywarszawskie.pl\/index.php?rest_route=\/wp\/v2\/pages\/8"}],"wp:attachment":[{"href":"http:\/\/legendywarszawskie.pl\/index.php?rest_route=%2Fwp%2Fv2%2Fmedia&parent=334"}],"curies":[{"name":"wp","href":"https:\/\/api.w.org\/{rel}","templated":true}]}}